{"id":319,"date":"2018-04-08T16:42:29","date_gmt":"2018-04-08T16:42:29","guid":{"rendered":"http:\/\/www.adghn.org\/?page_id=319"},"modified":"2018-06-22T13:36:55","modified_gmt":"2018-06-22T13:36:55","slug":"2014-2015-3","status":"publish","type":"page","link":"https:\/\/www.adghn.org\/index.php\/2014-2015-3\/","title":{"rendered":"2014 &#8211; 2015"},"content":{"rendered":"<h3 style=\"text-align: center;\">ACTO DE APERTURA DEL CURSO 2014 &#8211; 2015<\/h3>\n<p><span style=\"font-weight: 400;\">En los salones del Centro Riojano de Madrid se celebr\u00f3 la apertura del Curso de Genealog\u00eda 2014-15 de la Escuela Marqu\u00e9s de Avil\u00e9s, dependiente de la Asociaci\u00f3n de Diplomados en Genealog\u00eda, Her\u00e1ldica y Nobiliaria (ADGHN), solemne acto en el que, tras el saludo de la Presidenta de la entidad convocante, do\u00f1a Elena Fern\u00e1ndez del Cerro, hizo uso de la palabra el Vicepresidente, don Jos\u00e9 Luis Sampedro Eescolar, el cual present\u00f3 al marqu\u00e9s de Villalobar, don Jos\u00e9 Saavedra y Ligne quien, en una \u00a0documentada y amena conferencia, glos\u00f3 parcialmente la meritoria labor diplom\u00e1tica realizada por su abuelo, don Rodrigo Saavedra y Vinent, II marqu\u00e9s de Vilalobar, representante de Alfonso XIII en la Bruselas de la I Guerra Mundial, de cuyo comienzo se conmemora este a\u00f1o el I centenario.<\/span><\/p>\n<p><span style=\"font-weight: 400;\">Ocup\u00f3 lugar preferente entre el p\u00fablico, en el que figuraban numerosos diplom\u00e1ticos espa\u00f1oles, el Emabajador en Madrid de S.M. el Rey de los belgas, Pierre Henri T. Labouverie, ratificando una vez m\u00e1s el reconocimiento que se tributa en aquella naci\u00f3n a la trayectoria de Villalobar en aquellos tr\u00e1gicos a\u00f1os.<\/span><\/p>\n<p><span style=\"font-weight: 400;\">Los interesados en seguir el acto pueden hacerlo a trav\u00e9s de la p\u00e1gina web del Centro Riojano de Madrid.<\/span><\/p>\n<p><img decoding=\"async\" loading=\"lazy\" class=\"aligncenter wp-image-324 size-large\" src=\"http:\/\/www.adghn.org\/wp-content\/uploads\/2018\/04\/Villalobar-1-1024x553.jpg\" alt=\"\" width=\"1024\" height=\"553\" srcset=\"https:\/\/www.adghn.org\/wp-content\/uploads\/2018\/04\/Villalobar-1-1024x553.jpg 1024w, https:\/\/www.adghn.org\/wp-content\/uploads\/2018\/04\/Villalobar-1-300x162.jpg 300w, https:\/\/www.adghn.org\/wp-content\/uploads\/2018\/04\/Villalobar-1-768x415.jpg 768w\" sizes=\"(max-width: 1024px) 100vw, 1024px\" \/><\/p>\n<p style=\"text-align: center;\"><span style=\"font-weight: 400;\">El marqu\u00e9s de Villalobar (derecha) junto a la Presidenta y el Vicepresidente de la ADGHN<\/span><\/p>\n<p><img decoding=\"async\" loading=\"lazy\" class=\"aligncenter wp-image-325 size-large\" src=\"http:\/\/www.adghn.org\/wp-content\/uploads\/2018\/04\/Villalobar-2-1024x475.jpg\" alt=\"\" width=\"1024\" height=\"475\" srcset=\"https:\/\/www.adghn.org\/wp-content\/uploads\/2018\/04\/Villalobar-2-1024x475.jpg 1024w, https:\/\/www.adghn.org\/wp-content\/uploads\/2018\/04\/Villalobar-2-300x139.jpg 300w, https:\/\/www.adghn.org\/wp-content\/uploads\/2018\/04\/Villalobar-2-768x356.jpg 768w\" sizes=\"(max-width: 1024px) 100vw, 1024px\" \/><\/p>\n<p style=\"text-align: center;\"><span style=\"font-weight: 400;\">Un aspecto de los salones del Centro Riojano de Madrid durante el homenaje al II Marqu\u00e9s de Villalobar.<\/span><\/p>\n<div class=\"oceanwp-oembed-wrap clr\">\n<blockquote class=\"wp-embedded-content\" data-secret=\"hJbAQ8oVB7\"><p><a href=\"http:\/\/centroriojano.com\/don-rodrigo-saavedra-vinent-ii-marques-villalobar-embajador-espana\/\">Don Rodrigo de Saavedra y Vinent, II Marqu\u00e9s de Villalobar y Embajador de Espa\u00f1a<\/a><\/p><\/blockquote>\n<p><iframe class=\"wp-embedded-content\" sandbox=\"allow-scripts\" security=\"restricted\" style=\"position: absolute; clip: rect(1px, 1px, 1px, 1px);\" src=\"http:\/\/centroriojano.com\/don-rodrigo-saavedra-vinent-ii-marques-villalobar-embajador-espana\/embed\/#?secret=hJbAQ8oVB7\" data-secret=\"hJbAQ8oVB7\" width=\"600\" height=\"338\" title=\"&#8220;Don Rodrigo de Saavedra y Vinent, II Marqu\u00e9s de Villalobar y Embajador de Espa\u00f1a&#8221; &#8212; CENTRO RIOJANO DE MADRID\" frameborder=\"0\" marginwidth=\"0\" marginheight=\"0\" scrolling=\"no\"><\/iframe><\/div>\n","protected":false},"excerpt":{"rendered":"<p>ACTO DE APERTURA DEL CURSO 2014 &#8211; 2015 En los salones del Centro Riojano de Madrid se celebr\u00f3 la apertura del Curso de Genealog\u00eda 2014-15 de la Escuela Marqu\u00e9s de Avil\u00e9s, dependiente de la Asociaci\u00f3n de Diplomados en Genealog\u00eda, Her\u00e1ldica y Nobiliaria (ADGHN), solemne acto en el que, tras el saludo de la Presidenta de [&hellip;]<\/p>\n","protected":false},"author":1,"featured_media":0,"parent":0,"menu_order":0,"comment_status":"closed","ping_status":"closed","template":"","meta":[],"_links":{"self":[{"href":"https:\/\/www.adghn.org\/index.php\/wp-json\/wp\/v2\/pages\/319"}],"collection":[{"href":"https:\/\/www.adghn.org\/index.php\/wp-json\/wp\/v2\/pages"}],"about":[{"href":"https:\/\/www.adghn.org\/index.php\/wp-json\/wp\/v2\/types\/page"}],"author":[{"embeddable":true,"href":"https:\/\/www.adghn.org\/index.php\/wp-json\/wp\/v2\/users\/1"}],"replies":[{"embeddable":true,"href":"https:\/\/www.adghn.org\/index.php\/wp-json\/wp\/v2\/comments?post=319"}],"version-history":[{"count":4,"href":"https:\/\/www.adghn.org\/index.php\/wp-json\/wp\/v2\/pages\/319\/revisions"}],"predecessor-version":[{"id":389,"href":"https:\/\/www.adghn.org\/index.php\/wp-json\/wp\/v2\/pages\/319\/revisions\/389"}],"wp:attachment":[{"href":"https:\/\/www.adghn.org\/index.php\/wp-json\/wp\/v2\/media?parent=319"}],"curies":[{"name":"wp","href":"https:\/\/api.w.org\/{rel}","templated":true}]}}