{"id":328,"date":"2018-04-08T17:04:04","date_gmt":"2018-04-08T17:04:04","guid":{"rendered":"http:\/\/www.adghn.org\/?page_id=328"},"modified":"2018-07-06T13:14:26","modified_gmt":"2018-07-06T13:14:26","slug":"prensa","status":"publish","type":"page","link":"https:\/\/www.adghn.org\/index.php\/prensa\/","title":{"rendered":"Prensa"},"content":{"rendered":"<ul>\n<li>\n<h3><a href=\"http:\/\/www.lucidez.pe\/opinion\/el-gotha-y-el-peru-por-amadeo-martin-rey-y-cabieses\/\" target=\"_blank\" rel=\"noopener\">Diario Lucidez: El Gotha y el Per\u00fa, por Amadeo-Mart\u00edn Rey y Cabieses (16\/03\/2018)<\/a><\/h3>\n<\/li>\n<li>\n<h3><a href=\"https:\/\/www.monarquiaconfidencial.com\/espana\/Conferencia-Sampedro-Escolar-Infante-Francisco_0_3098690115.html\" target=\"_blank\" rel=\"noopener\">Diario Monarqu\u00eda Confidencial: Jos\u00e9 Luis Sampedro Escolar preside una conferencia sobre el Infante don Francisco de Paula (22\/02\/2018)<\/a><\/h3>\n<\/li>\n<li>\n<h3><a href=\"https:\/\/www.monarquiaconfidencial.com\/el_confidente_de_la_corte\/Conmemoracion-Gran-Duque-Vladimir-Rusia_0_3060293950.html\" target=\"_blank\" rel=\"noopener\">Diario Monarqu\u00eda Confidencial: Conmemoraci\u00f3n en Madrid del centenario del gran duque Vladimir de Rusia (20\/12\/2017)<\/a><\/h3>\n<\/li>\n<li>\n<h3><a href=\"http:\/\/www.lavanguardia.com\/politica\/20171103\/432568272634\/jornadas-heraldica-avila-son-homenaje-patrimonio-provincia-e-historia-espana.html\" target=\"_blank\" rel=\"noopener\">Diario La Vanguardia: Jornadas Her\u00e1ldica \u00c1vila son homenaje patrimonio provincia e historia Espa\u00f1a (3\/11\/2017)<\/a><\/h3>\n<\/li>\n<li>\n<h3><a href=\"https:\/\/www.tribunasalamanca.com\/noticias\/escudos-y-emblemas-para-acercar-la-historia-y-el-patrimonio-de-avila\/1508842892.amp\" target=\"_blank\" rel=\"noopener\">Peri\u00f3dico Digital Tribuna de Salamanca: Escudos y emblemas para acercar la historia y el patrimonio de \u00c1vila (24\/10\/2017)<\/a><\/h3>\n<\/li>\n<li>\n<h3><a href=\"http:\/\/udep.edu.pe\/hoy\/2016\/no-todos-los-principes-viven-como-principes\/\" target=\"_blank\" rel=\"noopener\">Universidad de Piura. UDEP Hoy: \u201cNo todos los pr\u00edncipes viven como pr\u00edncipes\u201d (12\/08\/2016)<\/a><\/h3>\n<\/li>\n<li>\n<h3><a href=\"https:\/\/www.vanitatis.elconfidencial.com\/casas-reales\/2015-12-05\/duelo-medieval-por-el-honor-de-la-reina-letizia_1113191\/\" target=\"_blank\" rel=\"noopener\">Revista Vanitatis. El Confidencial: Duelo medieval por el honor de la Reina Letizia (5\/12\/2015)<\/a><\/h3>\n<\/li>\n<li>\n<h3><a href=\"https:\/\/www.20minutos.es\/noticia\/2302133\/0\/autor-biografias-casa-alba-asegura-que-espana-esta-deuda-con-duquesa\/\" target=\"_blank\" rel=\"noopener\">Diario 20 minutos (Edici\u00f3n Espa\u00f1a):\u00a0El autor de una de las biograf\u00edas de la Casa de Alba asegura que \u00abEspa\u00f1a est\u00e1 en deuda\u00bb con la Duquesa (20\/11\/2014)<\/a><\/h3>\n<\/li>\n<li>\n<h3><a href=\"https:\/\/www.monarquiaconfidencial.com\/la_nobleza\/Escuela-Marques-Genealogia-Heraldica-Nobiliaria_0_2345165466.html\" target=\"_blank\" rel=\"noopener\">Diario Monarqu\u00eda Confidencial: La Escuela Marqu\u00e9s de Avil\u00e9s presenta su nuevo Curso de Genealog\u00eda, Her\u00e1ldica y Nobiliaria 2014 &#8211; 2015 (15\/09\/2014)<\/a><\/h3>\n<\/li>\n<li>\n<h3><a href=\"https:\/\/www.larazon.es\/historico\/1061-danos-colaterales-por-amadeo-martin-rey-y-cabieses-TLLA_RAZON_420645\" target=\"_blank\" rel=\"noopener\">Diario La Raz\u00f3n: Da\u00f1os colaterales por Amadeo-Mart\u00edn Rey y Cabieses (18\/12\/2011)<\/a><\/h3>\n<\/li>\n<li>\n<h3><a href=\"https:\/\/intereconomia.com\/noticia\/otto-europa-20110711-20110712-0000\/\" target=\"_blank\" rel=\"noopener\">Diario Digital de Noticias Intereconom\u00eda: Otto de Europa (12\/07\/2011)<\/a><\/h3>\n<\/li>\n<li>\n<h3 class=\"titular_principalv2_antiguaconformato\"><a href=\"http:\/\/www.europapress.es\/chance\/noticia-jose-luis-sampedro-historiador-vicepresidente-asociacion-diplomados-genealogia-heraldica-nobiliaria-cree-no-20070430105913.html\" target=\"_blank\" rel=\"noopener\">Europa Press (Chance): Jos\u00e9 Luis Sampedro, historiador y vicepresidente de la Asociaci\u00f3n de Diplomados en Genealog\u00eda, Her\u00e1ldica y Nobiliaria (30\/04\/2007)<\/a><\/h3>\n<\/li>\n<\/ul>\n","protected":false},"excerpt":{"rendered":"<p>Diario Lucidez: El Gotha y el Per\u00fa, por Amadeo-Mart\u00edn Rey y Cabieses (16\/03\/2018) Diario Monarqu\u00eda Confidencial: Jos\u00e9 Luis Sampedro Escolar preside una conferencia sobre el Infante don Francisco de Paula (22\/02\/2018) Diario Monarqu\u00eda Confidencial: Conmemoraci\u00f3n en Madrid del centenario del gran duque Vladimir de Rusia (20\/12\/2017) Diario La Vanguardia: Jornadas Her\u00e1ldica \u00c1vila son homenaje patrimonio [&hellip;]<\/p>\n","protected":false},"author":1,"featured_media":0,"parent":0,"menu_order":0,"comment_status":"closed","ping_status":"closed","template":"","meta":[],"_links":{"self":[{"href":"https:\/\/www.adghn.org\/index.php\/wp-json\/wp\/v2\/pages\/328"}],"collection":[{"href":"https:\/\/www.adghn.org\/index.php\/wp-json\/wp\/v2\/pages"}],"about":[{"href":"https:\/\/www.adghn.org\/index.php\/wp-json\/wp\/v2\/types\/page"}],"author":[{"embeddable":true,"href":"https:\/\/www.adghn.org\/index.php\/wp-json\/wp\/v2\/users\/1"}],"replies":[{"embeddable":true,"href":"https:\/\/www.adghn.org\/index.php\/wp-json\/wp\/v2\/comments?post=328"}],"version-history":[{"count":19,"href":"https:\/\/www.adghn.org\/index.php\/wp-json\/wp\/v2\/pages\/328\/revisions"}],"predecessor-version":[{"id":425,"href":"https:\/\/www.adghn.org\/index.php\/wp-json\/wp\/v2\/pages\/328\/revisions\/425"}],"wp:attachment":[{"href":"https:\/\/www.adghn.org\/index.php\/wp-json\/wp\/v2\/media?parent=328"}],"curies":[{"name":"wp","href":"https:\/\/api.w.org\/{rel}","templated":true}]}}