{"id":61,"date":"2017-06-20T15:27:40","date_gmt":"2017-06-20T15:27:40","guid":{"rendered":"http:\/\/www.adghn.org\/?page_id=61"},"modified":"2018-06-22T13:42:00","modified_gmt":"2018-06-22T13:42:00","slug":"galeria","status":"publish","type":"page","link":"https:\/\/www.adghn.org\/index.php\/galeria\/","title":{"rendered":"Galer\u00eda"},"content":{"rendered":"<h3 style=\"text-align: center;\"><strong>CONMEMORACI\u00d3N DEL CENTENARIO DEL\u00a0GRAN DUQUE\u00a0VLADIMIR DE RUSIA<\/strong><\/h3>\n<p>En\u00a0v\u00edsperas\u00a0de\u00a0viajar\u00a0a\u00a0Bucarest\u00a0para\u00a0asistir\u00a0a\u00a0las\u00a0exequias\u00a0del\u00a0Rey\u00a0Miguel\u00a0de\u00a0Ruman\u00eda, S.A.I.\u00a0la\u00a0Gran\u00a0Duquesa\u00a0Mar\u00eda\u00a0de\u00a0Rusia\u00a0presidi\u00f3\u00a0un\u00a0acto\u00a0conmemorativo\u00a0del\u00a0centenario del\u00a0nacimiento\u00a0de\u00a0su\u00a0padre,\u00a0el\u00a0Gran\u00a0Duque\u00a0Vladimir,\u00a0quien\u00a0ostent\u00f3\u00a0la\u00a0Jefatura\u00a0de\u00a0la Dinast\u00eda rusa desde 1938 hasta su fallecimiento, en 1992.<\/p>\n<p>Tras\u00a0su\u00a0llegada\u00a0a\u00a0la\u00a0sede\u00a0madrile\u00f1a\u00a0del\u00a0Centro\u00a0Riojano,\u00a0donde\u00a0tuvo\u00a0lugar\u00a0la sesi\u00f3n,\u00a0la Gran\u00a0Duquesa\u00a0fue\u00a0cumplimentada\u00a0por\u00a0su\u00a0Presidente,\u00a0don Pedro\u00a0L\u00f3pez\u00a0Arriba,\u00a0y\u00a0por la\u00a0Presidenta\u00a0y\u00a0el\u00a0Secretario\u00a0de\u00a0la\u00a0Asociaci\u00f3n\u00a0de\u00a0Diplomados\u00a0en\u00a0Genealog\u00eda,\u00a0Her\u00e1ldica y\u00a0Nobiliaria, do\u00f1a\u00a0Elena\u00a0Fern\u00e1ndez\u00a0del\u00a0Cerro\u00a0y don\u00a0\u00c1ngel\u00a0Mora\u00a0Blanco\u00a0y,\u00a0tras\u00a0firmar\u00a0en\u00a0el\u00a0libro de\u00a0honor,\u00a0pas\u00f3\u00a0a\u00a0escuchar\u00a0la\u00a0semblanza\u00a0que\u00a0del\u00a0personaje\u00a0recordado\u00a0traz\u00f3\u00a0don\u00a0Jos\u00e9\u00a0Luis Sampedro\u00a0Escolar,\u00a0Numerario\u00a0de\u00a0la\u00a0Real\u00a0Academia\u00a0Matritense\u00a0de\u00a0Her\u00e1ldica\u00a0y Genealog\u00eda,\u00a0rememorando\u00a0algunos\u00a0de\u00a0los\u00a0acontecimientos\u00a0m\u00e1s\u00a0sobresalientes\u00a0de\u00a0la trayectoria\u00a0de\u00a0Vladimir\u00a0de\u00a0Rusia\u00a0en\u00a0su\u00a0labor\u00a0de\u00a0mantenimiento\u00a0de\u00a0la\u00a0llama\u00a0de\u00a0la\u00a0Santa Rusia\u00a0en\u00a0Espa\u00f1a,\u00a0donde\u00a0fij\u00f3 su\u00a0residencia\u00a0habitual\u00a0desde\u00a01946,\u00a0y\u00a0en\u00a0el\u00a0resto\u00a0del\u00a0mundo, viajando\u00a0continuamente\u00a0para\u00a0transmitir\u00a0su\u00a0apoyo\u00a0y\u00a0esperanza\u00a0a\u00a0las\u00a0comunidades\u00a0rusas en la di\u00e1spora provocada por el totalitarismo sovi\u00e9tico.<\/p>\n<p>Finalizada\u00a0la\u00a0disertaci\u00f3n,\u00a0que se inscribe como clase extraordinaria en el Curso de Genealog\u00eda de la Escuela Marqu\u00e9s de Avil\u00e9s, el\u00a0Centro\u00a0Riojano\u00a0ofreci\u00f3\u00a0una\u00a0copa\u00a0de\u00a0vino,\u00a0y\u00a0en\u00a0el trancurso\u00a0de\u00a0este\u00a0encuentro\u00a0la\u00a0Gran\u00a0Duquesa\u00a0Mar\u00eda\u00a0recibi\u00f3\u00a0el\u00a0saludo\u00a0de\u00a0los\u00a0numerosos asistentes,\u00a0entre\u00a0los\u00a0que\u00a0cabe\u00a0destacar\u00a0al\u00a0Embajador\u00a0de\u00a0la\u00a0Soberana\u00a0Orden\u00a0de\u00a0San\u00a0Juan, Jean\u00a0Marie\u00a0Musy,\u00a0a\u00a0Mikhail\u00a0Rossiyskiy,\u00a0primer\u00a0consejero\u00a0de\u00a0la\u00a0Embajada\u00a0de\u00a0la Federaci\u00f3n\u00a0Rusa,\u00a0a\u00a0los\u00a0reverendos\u00a0padres\u00a0Andrey\u00a0Kordochckin\u00a0y\u00a0Dimitri\u00a0Tsiamparlis y se\u00f1ora (do\u00f1a Jenny\u00a0Tsiamparlis) y un largo etc\u00e9tera.<\/p>\n<p><img decoding=\"async\" loading=\"lazy\" class=\"aligncenter wp-image-188 size-large\" src=\"http:\/\/www.adghn.org\/wp-content\/uploads\/2017\/12\/DSC_0065-copia-1024x541.jpg\" alt=\"\" width=\"1024\" height=\"541\" srcset=\"https:\/\/www.adghn.org\/wp-content\/uploads\/2017\/12\/DSC_0065-copia-1024x541.jpg 1024w, https:\/\/www.adghn.org\/wp-content\/uploads\/2017\/12\/DSC_0065-copia-300x159.jpg 300w, https:\/\/www.adghn.org\/wp-content\/uploads\/2017\/12\/DSC_0065-copia-768x406.jpg 768w\" sizes=\"(max-width: 1024px) 100vw, 1024px\" \/><\/p>\n<p><img decoding=\"async\" loading=\"lazy\" class=\"aligncenter wp-image-191 size-large\" src=\"http:\/\/www.adghn.org\/wp-content\/uploads\/2017\/12\/DSC_0082-1024x553.jpg\" alt=\"\" width=\"1024\" height=\"553\" srcset=\"https:\/\/www.adghn.org\/wp-content\/uploads\/2017\/12\/DSC_0082-1024x553.jpg 1024w, https:\/\/www.adghn.org\/wp-content\/uploads\/2017\/12\/DSC_0082-300x162.jpg 300w, https:\/\/www.adghn.org\/wp-content\/uploads\/2017\/12\/DSC_0082-768x414.jpg 768w\" sizes=\"(max-width: 1024px) 100vw, 1024px\" \/><\/p>\n<p><img decoding=\"async\" loading=\"lazy\" class=\"aligncenter wp-image-192 size-large\" src=\"http:\/\/www.adghn.org\/wp-content\/uploads\/2017\/12\/Gran-Duquesa-653x1024.jpg\" alt=\"\" width=\"653\" height=\"1024\" srcset=\"https:\/\/www.adghn.org\/wp-content\/uploads\/2017\/12\/Gran-Duquesa-653x1024.jpg 653w, https:\/\/www.adghn.org\/wp-content\/uploads\/2017\/12\/Gran-Duquesa-191x300.jpg 191w, https:\/\/www.adghn.org\/wp-content\/uploads\/2017\/12\/Gran-Duquesa-768x1205.jpg 768w\" sizes=\"(max-width: 653px) 100vw, 653px\" \/><\/p>\n<p>&nbsp;<\/p>\n<hr \/>\n<p>&nbsp;<\/p>\n<h3 style=\"text-align: center;\"><strong>EL TRICENTENARIO DE CARLOS III EN LA ADGHN<\/strong><\/h3>\n<p><strong>S.A.R. el Pr\u00edncipe Don Pedro de Borb\u00f3n Dos Sicilias<\/strong>, Duque de Calabria, ha presidido la sesi\u00f3n que la Escuela Marqu\u00e9s de Avil\u00e9s celebr\u00f3, en el marco de su Curso de Genealog\u00eda, Her\u00e1ldica y Nobiliaria, conmemorando el Tricentenario del Rey Carlos III. Tras ser cumplimentado por Elena Fern\u00e1ndez del Cerro, Presidenta de la Asociaci\u00f3n convocante, y por Pedro L\u00f3pez Arribas, Presidente del Centro Riojano de Madrid, anfitri\u00f3n del acto, el Duque de Calabria firm\u00f3 en el libro de Honor del Centro, pasando a continuaci\u00f3n al Sal\u00f3n\u00a0de la Lengua, en el que tuvo lugar la disertaci\u00f3n acerca de las armas her\u00e1ldicas del monarca homenajeado, que corri\u00f3 a cargo de Jos\u00e9 Luis Sampedro Escolar, Vicepresidente de la entidad organizadora, y a quien Don Pedro hab\u00eda entregado previamente el diploma de su promoci\u00f3n a caballero gran cruz de la Orden Constantiniana de San Jorge, cuyo Gran Magisterio ostenta Don Pedro en su condici\u00f3n de Jefe de la Casa Real de las Dos Sicilias. Al finalizar, los asistentes brindaron por Espa\u00f1a y por Su Majestad el Rey con vino de Rioja.<\/p>\n<p><img decoding=\"async\" loading=\"lazy\" class=\"aligncenter wp-image-113 size-large\" src=\"http:\/\/www.adghn.org\/wp-content\/uploads\/2017\/06\/148-1024x789.jpg\" alt=\"\" width=\"1024\" height=\"789\" srcset=\"https:\/\/www.adghn.org\/wp-content\/uploads\/2017\/06\/148-1024x789.jpg 1024w, https:\/\/www.adghn.org\/wp-content\/uploads\/2017\/06\/148-300x231.jpg 300w, https:\/\/www.adghn.org\/wp-content\/uploads\/2017\/06\/148-768x592.jpg 768w, https:\/\/www.adghn.org\/wp-content\/uploads\/2017\/06\/148.jpg 1772w\" sizes=\"(max-width: 1024px) 100vw, 1024px\" \/><\/p>\n<p><img decoding=\"async\" loading=\"lazy\" class=\"aligncenter wp-image-265 size-large\" src=\"http:\/\/www.adghn.org\/wp-content\/uploads\/2018\/04\/127-1024x355.jpg\" alt=\"\" width=\"1024\" height=\"355\" srcset=\"https:\/\/www.adghn.org\/wp-content\/uploads\/2018\/04\/127-1024x355.jpg 1024w, https:\/\/www.adghn.org\/wp-content\/uploads\/2018\/04\/127-300x104.jpg 300w, https:\/\/www.adghn.org\/wp-content\/uploads\/2018\/04\/127-768x266.jpg 768w\" sizes=\"(max-width: 1024px) 100vw, 1024px\" \/><\/p>\n<p><img decoding=\"async\" loading=\"lazy\" class=\"aligncenter wp-image-109 size-large\" src=\"http:\/\/www.adghn.org\/wp-content\/uploads\/2017\/06\/034-1024x802.jpg\" alt=\"\" width=\"1024\" height=\"802\" srcset=\"https:\/\/www.adghn.org\/wp-content\/uploads\/2017\/06\/034-1024x802.jpg 1024w, https:\/\/www.adghn.org\/wp-content\/uploads\/2017\/06\/034-300x235.jpg 300w, https:\/\/www.adghn.org\/wp-content\/uploads\/2017\/06\/034-768x602.jpg 768w, https:\/\/www.adghn.org\/wp-content\/uploads\/2017\/06\/034.jpg 2008w\" sizes=\"(max-width: 1024px) 100vw, 1024px\" \/><\/p>\n<p style=\"text-align: center;\"><img decoding=\"async\" loading=\"lazy\" class=\"aligncenter wp-image-110 size-large\" src=\"http:\/\/www.adghn.org\/wp-content\/uploads\/2017\/06\/048-1024x657.jpg\" alt=\"\" width=\"1024\" height=\"657\" srcset=\"https:\/\/www.adghn.org\/wp-content\/uploads\/2017\/06\/048-1024x657.jpg 1024w, https:\/\/www.adghn.org\/wp-content\/uploads\/2017\/06\/048-300x192.jpg 300w, https:\/\/www.adghn.org\/wp-content\/uploads\/2017\/06\/048-768x492.jpg 768w\" sizes=\"(max-width: 1024px) 100vw, 1024px\" \/><\/p>\n<div class=\"oceanwp-oembed-wrap clr\">\n<blockquote class=\"wp-embedded-content\" data-secret=\"7Zhye8iBHc\"><p><a href=\"http:\/\/centroriojano.com\/conferencia-los-escudos-heraldicos-del-rey-carlos-iii-italia-espana-impartida-d-jose-luis-sampedro-escolar\/\">Conferencia \u201cLOS ESCUDOS HER\u00c1LDICOS DEL REY CARLOS III EN ITALIA Y ESPA\u00d1A\u201d impartida por D. Jos\u00e9 Luis Sampedro Escolar<\/a><\/p><\/blockquote>\n<p><iframe class=\"wp-embedded-content\" sandbox=\"allow-scripts\" security=\"restricted\" style=\"position: absolute; clip: rect(1px, 1px, 1px, 1px);\" src=\"http:\/\/centroriojano.com\/conferencia-los-escudos-heraldicos-del-rey-carlos-iii-italia-espana-impartida-d-jose-luis-sampedro-escolar\/embed\/#?secret=7Zhye8iBHc\" data-secret=\"7Zhye8iBHc\" width=\"600\" height=\"338\" title=\"&#8220;Conferencia \u201cLOS ESCUDOS HER\u00c1LDICOS DEL REY CARLOS III EN ITALIA Y ESPA\u00d1A\u201d impartida por D. Jos\u00e9 Luis Sampedro Escolar&#8221; &#8212; CENTRO RIOJANO DE MADRID\" frameborder=\"0\" marginwidth=\"0\" marginheight=\"0\" scrolling=\"no\"><\/iframe><\/div>\n<p>&nbsp;<\/p>\n<p>&nbsp;<\/p>\n","protected":false},"excerpt":{"rendered":"<p>CONMEMORACI\u00d3N DEL CENTENARIO DEL\u00a0GRAN DUQUE\u00a0VLADIMIR DE RUSIA En\u00a0v\u00edsperas\u00a0de\u00a0viajar\u00a0a\u00a0Bucarest\u00a0para\u00a0asistir\u00a0a\u00a0las\u00a0exequias\u00a0del\u00a0Rey\u00a0Miguel\u00a0de\u00a0Ruman\u00eda, S.A.I.\u00a0la\u00a0Gran\u00a0Duquesa\u00a0Mar\u00eda\u00a0de\u00a0Rusia\u00a0presidi\u00f3\u00a0un\u00a0acto\u00a0conmemorativo\u00a0del\u00a0centenario del\u00a0nacimiento\u00a0de\u00a0su\u00a0padre,\u00a0el\u00a0Gran\u00a0Duque\u00a0Vladimir,\u00a0quien\u00a0ostent\u00f3\u00a0la\u00a0Jefatura\u00a0de\u00a0la Dinast\u00eda rusa desde 1938 hasta su fallecimiento, en 1992. Tras\u00a0su\u00a0llegada\u00a0a\u00a0la\u00a0sede\u00a0madrile\u00f1a\u00a0del\u00a0Centro\u00a0Riojano,\u00a0donde\u00a0tuvo\u00a0lugar\u00a0la sesi\u00f3n,\u00a0la Gran\u00a0Duquesa\u00a0fue\u00a0cumplimentada\u00a0por\u00a0su\u00a0Presidente,\u00a0don Pedro\u00a0L\u00f3pez\u00a0Arriba,\u00a0y\u00a0por la\u00a0Presidenta\u00a0y\u00a0el\u00a0Secretario\u00a0de\u00a0la\u00a0Asociaci\u00f3n\u00a0de\u00a0Diplomados\u00a0en\u00a0Genealog\u00eda,\u00a0Her\u00e1ldica y\u00a0Nobiliaria, do\u00f1a\u00a0Elena\u00a0Fern\u00e1ndez\u00a0del\u00a0Cerro\u00a0y don\u00a0\u00c1ngel\u00a0Mora\u00a0Blanco\u00a0y,\u00a0tras\u00a0firmar\u00a0en\u00a0el\u00a0libro de\u00a0honor,\u00a0pas\u00f3\u00a0a\u00a0escuchar\u00a0la\u00a0semblanza\u00a0que\u00a0del\u00a0personaje\u00a0recordado\u00a0traz\u00f3\u00a0don\u00a0Jos\u00e9\u00a0Luis Sampedro\u00a0Escolar,\u00a0Numerario\u00a0de\u00a0la\u00a0Real\u00a0Academia\u00a0Matritense\u00a0de\u00a0Her\u00e1ldica\u00a0y Genealog\u00eda,\u00a0rememorando\u00a0algunos\u00a0de\u00a0los\u00a0acontecimientos\u00a0m\u00e1s\u00a0sobresalientes\u00a0de\u00a0la trayectoria\u00a0de\u00a0Vladimir\u00a0de\u00a0Rusia\u00a0en\u00a0su\u00a0labor\u00a0de\u00a0mantenimiento\u00a0de\u00a0la\u00a0llama\u00a0de\u00a0la\u00a0Santa Rusia\u00a0en\u00a0Espa\u00f1a,\u00a0donde\u00a0fij\u00f3 su\u00a0residencia\u00a0habitual\u00a0desde\u00a01946,\u00a0y\u00a0en\u00a0el\u00a0resto\u00a0del\u00a0mundo, viajando\u00a0continuamente\u00a0para\u00a0transmitir\u00a0su\u00a0apoyo\u00a0y\u00a0esperanza\u00a0a\u00a0las\u00a0comunidades\u00a0rusas en la di\u00e1spora provocada por el totalitarismo sovi\u00e9tico. Finalizada\u00a0la\u00a0disertaci\u00f3n,\u00a0que se inscribe como clase extraordinaria en el Curso de Genealog\u00eda de la [&hellip;]<\/p>\n","protected":false},"author":1,"featured_media":0,"parent":0,"menu_order":0,"comment_status":"closed","ping_status":"closed","template":"","meta":[],"_links":{"self":[{"href":"https:\/\/www.adghn.org\/index.php\/wp-json\/wp\/v2\/pages\/61"}],"collection":[{"href":"https:\/\/www.adghn.org\/index.php\/wp-json\/wp\/v2\/pages"}],"about":[{"href":"https:\/\/www.adghn.org\/index.php\/wp-json\/wp\/v2\/types\/page"}],"author":[{"embeddable":true,"href":"https:\/\/www.adghn.org\/index.php\/wp-json\/wp\/v2\/users\/1"}],"replies":[{"embeddable":true,"href":"https:\/\/www.adghn.org\/index.php\/wp-json\/wp\/v2\/comments?post=61"}],"version-history":[{"count":24,"href":"https:\/\/www.adghn.org\/index.php\/wp-json\/wp\/v2\/pages\/61\/revisions"}],"predecessor-version":[{"id":391,"href":"https:\/\/www.adghn.org\/index.php\/wp-json\/wp\/v2\/pages\/61\/revisions\/391"}],"wp:attachment":[{"href":"https:\/\/www.adghn.org\/index.php\/wp-json\/wp\/v2\/media?parent=61"}],"curies":[{"name":"wp","href":"https:\/\/api.w.org\/{rel}","templated":true}]}}