{"id":64,"date":"2017-06-20T15:27:40","date_gmt":"2017-06-20T15:27:40","guid":{"rendered":"http:\/\/www.adghn.org\/?page_id=64"},"modified":"2019-10-11T08:14:04","modified_gmt":"2019-10-11T08:14:04","slug":"cursos","status":"publish","type":"page","link":"https:\/\/www.adghn.org\/index.php\/cursos\/","title":{"rendered":"Cursos"},"content":{"rendered":"<p style=\"text-align: center;\"><img decoding=\"async\" loading=\"lazy\" class=\"size-thumbnail wp-image-204 aligncenter\" src=\"http:\/\/www.adghn.org\/wp-content\/uploads\/2018\/02\/c-150x150.png\" alt=\"\" width=\"150\" height=\"150\" \/><\/p>\n<h4 style=\"text-align: center;\"><strong>ASOCIACI\u00d3N DE DIPLOMADOS EN GENEALOG\u00cdA, HER\u00c1LDICA Y NOBILIARIA<\/strong><\/h4>\n<h4 style=\"text-align: center;\">\u00a0<strong>ESCUELA MARQU\u00c9S DE AVIL\u00c9S<\/strong><\/h4>\n<h4 style=\"text-align: center;\"><strong>CURSO 2019 &#8211; 2020<\/strong><\/h4>\n<h4 style=\"text-align: center;\"><strong>CURSO DE GENEALOG\u00cdA Y CIENCIAS AFINES<\/strong><\/h4>\n<h4 style=\"text-align: center;\"><strong><u>Informaci\u00f3n<\/u><\/strong><strong>:\u00a0\u00a0 <\/strong>(<strong>: 91 365 27 77\u00a0\u00a0 \u2013\u00a0\u00a0 <\/strong><strong>:<\/strong><strong>:\u00a0 <\/strong><a href=\"info@adghn.org\"><strong>info@adghn.org <\/strong><\/a><\/h4>\n<h3 style=\"text-align: justify; text-justify: inter-ideograph;\"><span style=\"font-size: 10.0pt; font-family: 'Helvetica',sans-serif;\">El pr\u00f3ximo lunes 14 de octubre comienza el curso acad\u00e9mico 2019-2020 de Genealog\u00eda, Her\u00e1ldica, Nobiliaria y Paleograf\u00eda organizado por la Escuela Marqu\u00e9s de Avil\u00e9s. <\/span><\/h3>\n<h3 style=\"text-align: justify; text-justify: inter-ideograph;\"><span style=\"font-size: 10.0pt; font-family: 'Helvetica',sans-serif;\">La duraci\u00f3n del curso completo es de cien horas lectivas distribuidas en cincuenta y siete sesiones. Se ofrece la posibilidad de completar el curso en un a\u00f1o acad\u00e9mico, o matricularse en asignaturas sueltas.<\/span><\/h3>\n<h3 style=\"text-align: justify; text-justify: inter-ideograph;\"><span style=\"font-size: 10.0pt; font-family: 'Helvetica',sans-serif;\">Las clases se imparten en el Centro Cultural de los Ej\u00e9rcitos (antiguo Casino Militar), ubicado en la Gran V\u00eda, 13, en Madrid, dos d\u00edas a la semana -lunes y mi\u00e9rcoles- entre las 19 y las 20:30 horas. Adem\u00e1s, el curso tambi\u00e9n incluye conferencias con car\u00e1cter de lecciones extraordinarias que abordan materias menos generales, pero ligadas a las asignaturas. La sesi\u00f3n inaugural solemne tendr\u00e1 lugar el martes <strong>22 de octubre a las 19:00<\/strong>, con una clase extraordinaria, en forma de conferencia, impartida por D. Ricardo Mateos S\u00e1nz de Medrano, quien disertar\u00e1 acerca de la Reina Victoria Eugenia, cuyo quincuag\u00e9simo aniversario del fallecimiento se conmemora este a\u00f1o. <\/span><\/h3>\n<h3 style=\"text-align: justify; text-justify: inter-ideograph;\"><span style=\"font-size: 10.0pt; font-family: 'Helvetica',sans-serif;\">El cuerpo de profesores lo conformar\u00e1n acreditados especialistas en estas materias como, por orden de intervenci\u00f3n, Jos\u00e9 Luis Sampedro (Numerario de la Real Academia Matritense de Her\u00e1ldica y Genealog\u00eda), la Doctora Vanessa-Eugenia Gil Rodr\u00edguez de Clar\u00e1 (Doctora en Derecho por la Universidad San Pablo-CEU),, el Doctor Amadeo-Mart\u00edn Rey (Doctor en Historia), el Coronel Eduardo Garc\u00eda-Menacho (ambos de la citada Academia Matritense de Her\u00e1ldica y Genealog\u00eda), el Doctor Miguel \u00c1ngel Fern\u00e1ndez (socio fundador y antiguo miembro de la Junta Directiva de HISPAGEN), el Doctor Juan Carlos Galende D\u00edaz (Profesor Titular del Departamento de Ciencias y T\u00e9cnicas Historiogr\u00e1ficas y de Arqueolog\u00eda de la Facultad de Geograf\u00eda e Historia &#8211; Universidad Complutense), y la Doctora B\u00e1rbara Santiago Medina (Profesora en el mismo Departamento)..<\/span><\/h3>\n<h3 style=\"text-align: justify; text-justify: inter-ideograph;\"><span style=\"font-size: 10.0pt; font-family: 'Helvetica',sans-serif;\">Los interesados en participar en este curso pueden ponerse en contacto telef\u00f3nicamente con Secretar\u00eda dejando su mensaje en el contestador del <b>tel\u00e9fono <\/b><strong>91 365 27 77<\/strong><\/span><\/h3>\n","protected":false},"excerpt":{"rendered":"<p>ASOCIACI\u00d3N DE DIPLOMADOS EN GENEALOG\u00cdA, HER\u00c1LDICA Y NOBILIARIA \u00a0ESCUELA MARQU\u00c9S DE AVIL\u00c9S CURSO 2019 &#8211; 2020 CURSO DE GENEALOG\u00cdA Y CIENCIAS AFINES Informaci\u00f3n:\u00a0\u00a0 (: 91 365 27 77\u00a0\u00a0 \u2013\u00a0\u00a0 ::\u00a0 info@adghn.org El pr\u00f3ximo lunes 14 de octubre comienza el curso acad\u00e9mico 2019-2020 de Genealog\u00eda, Her\u00e1ldica, Nobiliaria y Paleograf\u00eda organizado por la Escuela Marqu\u00e9s de Avil\u00e9s. [&hellip;]<\/p>\n","protected":false},"author":1,"featured_media":0,"parent":0,"menu_order":0,"comment_status":"closed","ping_status":"closed","template":"","meta":[],"_links":{"self":[{"href":"https:\/\/www.adghn.org\/index.php\/wp-json\/wp\/v2\/pages\/64"}],"collection":[{"href":"https:\/\/www.adghn.org\/index.php\/wp-json\/wp\/v2\/pages"}],"about":[{"href":"https:\/\/www.adghn.org\/index.php\/wp-json\/wp\/v2\/types\/page"}],"author":[{"embeddable":true,"href":"https:\/\/www.adghn.org\/index.php\/wp-json\/wp\/v2\/users\/1"}],"replies":[{"embeddable":true,"href":"https:\/\/www.adghn.org\/index.php\/wp-json\/wp\/v2\/comments?post=64"}],"version-history":[{"count":18,"href":"https:\/\/www.adghn.org\/index.php\/wp-json\/wp\/v2\/pages\/64\/revisions"}],"predecessor-version":[{"id":542,"href":"https:\/\/www.adghn.org\/index.php\/wp-json\/wp\/v2\/pages\/64\/revisions\/542"}],"wp:attachment":[{"href":"https:\/\/www.adghn.org\/index.php\/wp-json\/wp\/v2\/media?parent=64"}],"curies":[{"name":"wp","href":"https:\/\/api.w.org\/{rel}","templated":true}]}}